{"id":1851,"date":"2021-11-24T12:51:44","date_gmt":"2021-11-24T11:51:44","guid":{"rendered":"https:\/\/sca.news\/?page_id=1851"},"modified":"2021-11-24T18:54:18","modified_gmt":"2021-11-24T17:54:18","slug":"transcripcion-sesion-78-comite-corona","status":"publish","type":"page","link":"https:\/\/sca.news\/es\/comite-corona-tabla-de-contenido-todos-los-participantes-reunion\/transcripcion-sesion-78-comite-corona\/","title":{"rendered":"Transcripci\u00f3n \u2013 Sesi\u00f3n 78 \u2013 Comit\u00e9 Corona"},"content":{"rendered":"<h2>Comit\u00e9 de la Fundaci\u00f3n Corona, 78a reuni\u00f3n el 12 de octobre de 2021<\/h2>\n<h4>Meredith Miller (Traumatherapeutin, Autorin, Rednerin [Homepage], USA)<\/h4>\n<h4>en conversaci\u00f3n con Viviane Fischer y Reiner Fuellmich<\/h4>\n<h4>(Idioma original: ingl\u00e9s)<\/h4>\n<p style=\"text-align: right;\">[Transcript from Team corona-ausschuss-info.com +]<\/p>\n<hr \/>\n<p align=\"justify\"><span style=\"font-family: arial, helvetica, sans-serif; font-size: 12pt;\"><span lang=\"es-MX\"><b>Viviane Fischer<\/b> [02:41:51h]<b><br \/>\n<\/b><\/span><span lang=\"es-MX\">Tenemos a Meredith Miller, \u00bfest\u00e1 con nosotros? <\/span><\/span><\/p>\n<p align=\"justify\"><span style=\"font-family: arial, helvetica, sans-serif; font-size: 12pt;\"><span lang=\"es-MX\"><b>Meredith Miller<br \/>\n<\/b><\/span><span lang=\"es-MX\">Estoy aqu\u00ed.<img loading=\"lazy\" decoding=\"async\" class=\" wp-image-1849 alignright\" src=\"https:\/\/sca.news\/wp-content\/uploads\/2021\/11\/M-Miller-78-300x168.png\" alt=\"Meredith Miller Session-78\" width=\"595\" height=\"333\" srcset=\"https:\/\/sca.news\/wp-content\/uploads\/2021\/11\/M-Miller-78-300x168.png 300w, https:\/\/sca.news\/wp-content\/uploads\/2021\/11\/M-Miller-78-768x430.png 768w, https:\/\/sca.news\/wp-content\/uploads\/2021\/11\/M-Miller-78.png 960w\" sizes=\"auto, (max-width: 595px) 100vw, 595px\" \/> <\/span><\/span><\/p>\n<p align=\"justify\"><span style=\"font-family: arial, helvetica, sans-serif; font-size: 12pt;\"><span lang=\"es-MX\"><b>Reiner Fuellmich:<br \/>\n<\/b><\/span><span lang=\"es-MX\">Vale, siento haberle hecho esperar. <\/span><\/span><\/p>\n<p align=\"justify\"><span style=\"font-family: arial, helvetica, sans-serif; font-size: 12pt;\"><span lang=\"es-MX\"><b>Viviane Fischer:<br \/>\n<\/b><\/span><span lang=\"es-MX\">Usted es coach, autora y oradora en lo referente con respecto al trauma, y, como veo aqu\u00ed, Ud ense\u00f1a las herramientas y las acciones para ayudar a otros a recuperarse despu\u00e9s de un trauma relacional. De hecho, en este momento, tenemos una relaci\u00f3n realmente problem\u00e1tica entre el gobierno y el pueblo. Esto tambi\u00e9n es un trauma. B\u00e1sicamente estamos en el trauma, en una constelaci\u00f3n de traumas posteriores o que a\u00fan est\u00e1n en curso. Entonces, \u00bfqu\u00e9 es lo que Ud. har\u00eda? Tambi\u00e9n ha se\u00f1alado que estamos viviendo alg\u00fan tipo de din\u00e1mica del abuso. <\/span><\/span><\/p>\n<p align=\"justify\"><span style=\"font-family: arial, helvetica, sans-serif; font-size: 12pt;\"><span lang=\"es-MX\">He estado pensando que el mundo siempre fue as\u00ed, quiero decir que hubo estas cosas: mi cuerpo, mi elecci\u00f3n. Todo el mundo estaba tan consciente de eso, que no deb\u00edan haber transgresiones, que se respeten los l\u00edmites f\u00edsicos, especialmente los l\u00edmites psicol\u00f3gicos. Y de repente, todo eso desapareci\u00f3. El gobierno te obliga a hacer cosas que no quieres y los vecinos te obligan o te empujan a hacer cosas que no quieres. Y es una din\u00e1mica muy extra\u00f1a. Que puede Ud. decir al respecto. <\/span><\/span><\/p>\n<p align=\"justify\"><a name=\"_GoBack\"><\/a><span style=\"font-family: arial, helvetica, sans-serif; font-size: 12pt;\"> <span lang=\"es-MX\"><b>Meredith Miller<\/b><\/span><span lang=\"es-MX\"><br \/>\nRealmente lo es. Lo que estamos viendo es el ejemplo de lo micro a lo macro. En lo micro tenemos al individuo y su relaci\u00f3n abusiva con otro individuo o la relaci\u00f3n que el individuo tiene con el gobierno. Pero luego, a medida que avanzamos por el continuum hacia el macro, vemos que se forman sistemas. Vemos familias, lugares de trabajo, organizaciones, grupos sociales y la sociedad en general. Y vemos los mismos patrones desde el individuo, desde el nivel micro hasta el macro. Lo que sucede en los sistemas a partir de la familia a lo largo de la sociedad es que adquiere caracter\u00edsticas adicionales porque el sistema es mayor que la suma de todas las partes individuales que lo componen. Lo que podemos ver es la aparici\u00f3n de estos mismos patrones de abuso. Y creo que una de las cosas m\u00e1s importantes a tener en cuenta es la <\/span><span lang=\"es-MX\"><b>disonancia cognitiva<\/b><\/span><span lang=\"es-MX\">. La disonancia cognitiva, por ejemplo, a nivel individual, digamos que tienes a alguien a quien amas, a una hermana o a una amiga, alguien que est\u00e1 en una relaci\u00f3n abusiva y te sientas y le dices: \u201cmira, creo que est\u00e1s siendo abusado. Sucedi\u00f3 esto, pas\u00f3 tal cosa, etc\u201d . Lo que haces es presentarle pruebas, hechos y l\u00f3gica a esa persona sobre lo que est\u00e1s viendo. Pero lo que ocurre es que esa persona no lo va a entender. No va a aceptar lo que dices. Comenzar\u00e1 a proporcionar excusas, explicaciones y racionalizaciones para contrarrestan cada punto que le est\u00e1s planteando. Y si insistes en mostrarle los hechos y las pruebas, comenzar\u00e1 a atacarte para poder descartar lo que est\u00e1s diciendo. \u00bfPor qu\u00e9? Porque toda esta informaci\u00f3n que est\u00e1s presentando, esas pruebas y esos hechos crean un profundo conflicto mental con lo que realmente quiere creer. Quiere creer que esa persona es el amor de su vida, o quiere creer que su padre abusivo la ama y quiere lo mejor para ella. Y este conflicto mental es irreconciliable. Entonces, lo que sucede es que el cerebro; no la parte l\u00f3gica del cerebro; pero las partes m\u00e1s primitivas del cerebro entran en la negaci\u00f3n. Es como un cortocircuito en un sistema el\u00e9ctrico. Este es un mecanismo de supervivencia integrado en el ser humano. Pero desafortunadamente, esto tambi\u00e9n es lo que mantiene a las personas atrapadas en relaciones abusivas porque permanecen atrapadas en ese estado de negaci\u00f3n, en ese estado de defensa, donde no pueden ver la verdad. As\u00ed que realmente <\/span><span lang=\"es-MX\"><b>no se puede despertar a la gente ante el abuso<\/b><\/span><span lang=\"es-MX\">. No hay forma de presentarles cantidades suficientes de verdad en evidencia y l\u00f3gica que los elimine.<\/span><\/span><\/p>\n<p align=\"justify\"><span style=\"font-family: arial, helvetica, sans-serif; font-size: 12pt;\"><span lang=\"es-MX\">\u00bfC\u00f3mo sale una persona de eso? Es algo asi como recibir un sartenazo en la cabeza ,es algo tan impactante que quiebra su negaci\u00f3n. La verdad se convierte en una experiencia visceral, y no es una experiencia l\u00f3gica, no una experiencia intelectual, sino una experiencia visceral a trav\u00e9s de la cual la persona ya no puede negar lo que acaba de ver. Y vemos esa misma din\u00e1mica: la disonancia cognitiva. Vemos a muchas personas en disonancia cognitiva: muchas personas quieren creer que su gobierno quiere lo mejor para ellos, que el gobierno est\u00e1 ah\u00ed para cuidarlos y protegerlos, para proveerlos de alguna manera, y nunca har\u00edan algo as\u00ed, como lo que estamos observando ahora en el mundo. Incluso podemos ver la terminolog\u00eda utilizada. Es incre\u00edble el abuso del lenguaje que han utilizado desde el principio del 2020 cuando esta inducci\u00f3n hipn\u00f3tica comenz\u00f3. Palabras como distanciamiento social. Esta frase en s\u00ed misma provoca disonancia cognitiva. \u00bfPor qu\u00e9? Porque estas dos palabras son totalmente opuestas. Tenemos la palabra <\/span><span lang=\"es-MX\"><b>SOCIAL<\/b><\/span><span lang=\"es-MX\">: que significa conexi\u00f3n y para el cerebro de los mam\u00edferos (porque los humanos son mam\u00edferos), social significa seguridad. Estar conectados con otros mam\u00edferos y otros seres humanos nos hace sentir seguros, hace que el sistema nervioso se sienta seguro. La palabra <\/span><span lang=\"es-MX\"><b>distanciamiento<\/b><\/span><span lang=\"es-MX\"> es exactamente lo contrario. Es una desconexi\u00f3n. No es social. Nos hace sentir inseguros. Y cuando juntamos estas dos palabras, \u201cdistanciamiento social\u201d, evocan sentimientos completamente opuestos y el cerebro entra en ese cortocircuito hacia la negaci\u00f3n. Por lo tanto, es muy dif\u00edcil pensar cuando estamos en ese estado. <\/span><\/span><\/p>\n<p align=\"justify\"><span style=\"font-family: arial, helvetica, sans-serif; font-size: 12pt;\"><span lang=\"es-MX\"><b>Reiner Fuellmich<br \/>\n<\/b><\/span><span lang=\"es-MX\">a menos que uno se cuestione qu\u00e9 est\u00e1 pasando, \u00bfno? <\/span><\/span><\/p>\n<p align=\"justify\"><span style=\"font-family: arial, helvetica, sans-serif; font-size: 12pt;\"><span lang=\"es-MX\"><b>Meredith Miller<\/b><\/span><span lang=\"es-MX\"><br \/>\nCorrecto, y eso es muy dif\u00edcil para alguien que se encuentra en ese estado porque tendr\u00e1 momentos de lucidez. Creo que tambi\u00e9n escuch\u00e9 a Ariane hablar de esto antes, donde quiz\u00e1s algunos de estos l\u00edderes incluso tienen momentos de lucidez o no creen del todo lo que est\u00e1 pasando. Lo que se ve en una v\u00edctima de abuso es que entran y salen de la verdad y la fantas\u00eda. Y as\u00ed tendr\u00e1n momentos en los que podr\u00e1n ve todo, pero es tan abrumador e inc\u00f3modo que el cerebro se cortocircuitar\u00e1 de nuevo en la negaci\u00f3n hasta que llegue a el punto en el que suceda algo impactante. Y puede que nos estemos acercando a ese punto en el mundo, en donde hay crisis, y encima otra crisis, y otra m\u00e1s y parece que estamos llegando a ese punto en el que van a comenzar a superponerse a la pandemia, m\u00e1s y m\u00e1s crisis: la cadena de suministro, los alimentos, la energ\u00eda, como todas estas cosas estuvieran sucediendo a la vez. Por lo tanto, puede ser que m\u00e1s personas empiecen a despertarse a medida que la crisis atraviesa su negaci\u00f3n. <\/span><\/span><\/p>\n<p align=\"justify\"><span style=\"font-family: arial, helvetica, sans-serif; font-size: 12pt;\"><span lang=\"es-MX\"><b>Reiner Fuellmich<br \/>\n<\/b><\/span><span lang=\"es-MX\">Cuando escuch\u00e9 por primera vez la palabra distanciamiento social, inmediatamente pens\u00e9 que esto no ten\u00eda ning\u00fan sentido. Algo no va bien. Y como es obvio, uno es lo opuesto al otro, no coincide. Y luego, despu\u00e9s de escuchar, entrevistamos a una de las personas que entrevistamos era la sobreviviente del Holocausto Vera Sharav y ella nos explic\u00f3 sobre eufemismos. Y de eso se trata. B\u00e1sicamente, te dice que distanciarte de los dem\u00e1s es social porque es seguro y es exactamente lo contrario Y lo curioso es que muchas personas que son v\u00edctimas de esto, al igual que en una relaci\u00f3n abusiva, no tienen la capacidad de ver que no tiene ning\u00fan sentido. <\/span><\/span><\/p>\n<p align=\"justify\"><span style=\"font-family: arial, helvetica, sans-serif; font-size: 12pt;\"><span lang=\"es-MX\"><b>Meredith Miller<br \/>\n<\/b><\/span><span lang=\"es-MX\">Cierto, porque en ese estado de negaci\u00f3n y actitud defensiva, la persona no tiene acceso al cerebro l\u00f3gico porque el cerebro l\u00f3gico es el neoc\u00f3rtex, es ese aspecto humano, el cerebro evolutivo. Pero luego vuelve a la postura primordial del cerebro, las partes primarias del cerebro, que se ocupan de la supervivencia. Y as\u00ed se convierte en supervivencia. Entonces est\u00e1n escuchando la propaganda de esas frases repetidas, el lenguaje repetido que se usa y que les dice lo que los salva, que es, como usted dijo, exactamente lo contrario de salvar. <\/span><\/span><\/p>\n<p align=\"justify\"><span style=\"font-family: arial, helvetica, sans-serif; font-size: 12pt;\"><span lang=\"es-MX\"><b>Viviane Fischer<\/b><\/span><br \/>\n<span lang=\"es-MX\">cuando se miran estas situaciones abusivas y Ud da el ejemplo, que tiene a alguien en el que hay amor involucrado al principio y luego tal vez alguien tiene una mala elecci\u00f3n de pareja, algo as\u00ed, tal vez es codependiente de alguien que es abusivo, una especie de elecci\u00f3n de pareja basada en el trauma. Entonces, en este caso, tal vez hubo un amor o una amistad al principio, y luego no est\u00e1 funcionando de la manera correcta. Pero aqu\u00ed, \u00bfdescribir\u00eda la situaci\u00f3n que tenemos con nuestro gobierno tambi\u00e9n c\u00f3mo una especie de amor? \u00bfO c\u00f3mo un sentimiento de cercan\u00eda o como una constelaci\u00f3n paternal y maternal? \u00bfO es as\u00ed como este abuso lo que vimos en este S\u00edndrome de Estocolmo es quiz\u00e1s incluso amor inducido de una manera enfermiza ?. Quiz\u00e1s eso tambi\u00e9n es lo que estamos viendo ahora, ya que esta gente se est\u00e1 volviendo loca porque algunos de ellos realmente est\u00e1n defendiendo al gobierno, muchos que quiz\u00e1s alguna vez fueron demasiado cr\u00edticos, que en el pasado vieron muchas cosas, corrupci\u00f3n, etc. Y ahora es como si fueran h\u00e9roes. \u00bfQu\u00e9 le parece? \u00bfEs una combinaci\u00f3n de cosas? <\/span><\/span><\/p>\n<p align=\"justify\"><span style=\"font-family: arial, helvetica, sans-serif; font-size: 12pt;\"><span lang=\"es-MX\"><b>Meredith Miller<br \/>\n<\/b><\/span><span lang=\"es-MX\">S\u00ed, en realidad es el ciclo del abuso. Hay dos fases en el ciclo de abuso, lo que llamamos el v\u00ednculo amoroso, y eso no tiene por qu\u00e9 ser rom\u00e1ntico. Puede ser alguien que le haga cumplidos, le pague por cosas, le compre cosas, le env\u00ede dinero de est\u00edmulo econ\u00f3mico por correo, por ejemplo, o que le proporcione comida gratis o el gobierno simplemente le diga \u201cqueremos lo mejor para usted, su salud importa. Solo queremos lo mejor para Uds. Estamos intentando ayudar.\u201d \u00bfCorrecto? Y ese es el aspecto del v\u00ednculo amoroso. Y luego, el otro ciclo, la otra fase del ciclo de abuso es la devaluaci\u00f3n. Est\u00e1s sucio, enfermo, peligroso. Est\u00e1s poniendo a la gente en riesgo. Van y vienen entre los dos ciclos. Otro ejemplo de v\u00ednculo amoroso podr\u00eda ser simplemente la ausencia de abuso, la ausencia temporal de abuso. En una relaci\u00f3n, habr\u00e1 momentos en los que el abusador perciba que ha ido demasiado lejos. La v\u00edctima est\u00e1 empezando a descubrirlo. Por ende tiene que volver a atraer a la v\u00edctima. En la sociedad, presionan demasiado los confinamientos. Las personas de repente comienzan a despertarse un poco o comienzan a cuestionarse las cosas. Entonces liberan a la gente durante un tiempo. \u201cAhora se puede viajar, ahora se pueden hacer cosas m\u00e1s cosas. Pueden quitarse la mascarilla\u201d. Esto es temporal. Y ahora vemos que vuelven los cierres. Vemos que vuelven las restricciones. Es como un refuerzo intermitente, que nuevamente forma parte de la base de la disonancia cognitiva. Por lo tanto, mantiene a la gente muy confundida. <\/span><\/span><\/p>\n<p align=\"justify\"><span style=\"font-family: arial, helvetica, sans-serif; font-size: 12pt;\"><span lang=\"es-MX\"><b>Viviane Fischer<br \/>\n<\/b><\/span><span lang=\"es-MX\">Eso es muy interesante, \u00bfcree que eso es parte de un plan o es como un procedimiento de ingenier\u00eda social? \u00bfO Ud. cree que simplemente lo sienten instintivamente? O es estructurado porque a m\u00ed me parece, muy orquestado. <\/span><\/span><\/p>\n<p align=\"justify\"><span style=\"font-family: arial, helvetica, sans-serif; font-size: 12pt;\"><span lang=\"es-MX\"><b>Meredith Miller<br \/>\n<\/b><\/span><span lang=\"es-MX\">Parece muy orquestado. Estoy de acuerdo con Arianne cuando dijo que esto es en realidad una continuaci\u00f3n del nazismo. Despu\u00e9s de la Guerra Mundial enviaron cientos de cient\u00edficos nazis y la Operaci\u00f3n Paperclip a los Esatos Unidos, y los pusieron a trabajar en organizaciones gubernamentales en psiquiatr\u00eda y psicolog\u00eda. Terminaron trabajando en la ciencia de la modificaci\u00f3n del comportamiento. Esto se convirti\u00f3 en la base de todas las redes sociales. Por lo tanto, vemos que las redes sociales fueron un componente clave para que esto funcione. Hace diez a\u00f1os, esto no habr\u00eda funcionado. De hecho, intentaron lo de la pandemia en 2009, pero fall\u00f3 porque los medios sociales estaban en sus inicios. Acababan de empezar. Conoc\u00edan la ciencia detr\u00e1s de las redes sociales (algunos ejecutivos de Facebook incluso hablaron sobre esto), vieron la ciencia, sab\u00edan lo que estaban haciendo y lo hicieron de todos modos. Eso es modificaci\u00f3n de comportamiento, la base de eso es provocaci\u00f3n, reacci\u00f3n, soluci\u00f3n. Provocan una emoci\u00f3n: el miedo por ejemplo que es la emoci\u00f3n m\u00e1s poderosa para esto, \u00bfverdad? As\u00ed que provocan miedo, y esto crea una reacci\u00f3n emocional. Y luego hace que la gente pida una soluci\u00f3n, que el gobierno se complace en proporcionar. Esa la soluci\u00f3n. Es hacia ah\u00ed que nos empujan desde el comienzo. As\u00ed que este es el ciclo. Parece que han pasado d\u00e9cadas en preparaci\u00f3n, ha sido como una acumulaci\u00f3n muy lenta y gradual, y ahora estamos aqu\u00ed en la parte vertical de la curva donde est\u00e1 sucediendo exponencialmente r\u00e1pido. <\/span><\/span><\/p>\n<p align=\"justify\"><span style=\"font-family: arial, helvetica, sans-serif; font-size: 12pt;\"><span lang=\"es-MX\"><b>Reiner Fuellmich<br \/>\n<\/b><\/span><span lang=\"es-MX\">cuando Ud hablaba del tipo de experiencia impactante que es necesaria para despertar a la gente, podr\u00eda ser la acumulaci\u00f3n de todas estas crisis una encima de la otra. \u00bfSignificar\u00eda eso que las personas, algunas de las personas que todav\u00eda est\u00e1n sentadas en la cerca y no m\u00e1s all\u00e1, se puedan acercar? \u00bfSignifica eso que si llega a ser demasiado para ellos y van a pensar que esto no puede ser real? Es ese el tipo de situaci\u00f3n que se espera? <\/span><\/span><\/p>\n<p align=\"justify\"><span style=\"font-family: arial, helvetica, sans-serif; font-size: 12pt;\"><span lang=\"es-MX\"><b>Meredith Miller<br \/>\n<\/b><\/span><span lang=\"es-MX\">Tengo la esperanza de que m\u00e1s personas se despierten a medida que esto se intensifique. Desafortunadamente, se intensificar\u00e1 m\u00e1s como en las relaciones abusivas. Como hemos visto, cada vez sale m\u00e1s verdad. Y aun nos preguntamos, \u00bfc\u00f3mo sigue esto en pie? \u00bfC\u00f3mo sigue siendo posible? Estas personas no est\u00e1n en la c\u00e1rcel porque nunca admiten el crimen. LO vuelven a hacer y vuelven a esa campa\u00f1a de <\/span> <span lang=\"es-MX\">gaslighting, (tambi\u00e9n llamado \u00abluz de gas\u00bb, es una forma de abuso psicol\u00f3gico que consiste en manipular la percepci\u00f3n de la realidad del otro) As\u00ed que lo que hemos visto desde principios de 2020 es una campa\u00f1a masiva de gaslighting. Para aquellos que no est\u00e1n familiarizados con ese t\u00e9rmino, la gaslighting es una distorsi\u00f3n de la percepci\u00f3n de la realidad hasta el punto en que una persona comienza a pensar que est\u00e1 loca por cuestionar la realidad que se promueve. Los principales medios de comunicaci\u00f3n y las noticias, lo vemos en las redes sociales con el hecho de los verificadores de la censura. Todo se entiende porque toda la narrativa se sostiene en base a esta campa\u00f1a de gaslighting. Espero que m\u00e1s personas empiecen a despertarse a medida que la intensidad y el impacto de las cosas que est\u00e1n sucediendo atraviesen su negaci\u00f3n. El otro problema es que vamos a ver una epidemia de enfermedades mentales porque habr\u00e1 tantas personas gravemente traumatizadas que no podr\u00e1n ver la realidad cuando se les revele. As\u00ed que van a entrar en estados de enfermedad mental. Antes hablabamos de la psicosis delirante. Es solo una de ellos. Hemos visto que lo que sucede es que cuando las personas entran en este estado, sienten que no hay salida. \u00bfVerdad? Eso se convierte en parte de la impotencia aprendida. Y as\u00ed desarrollan h\u00e1bitos autodestructivos. Es como un ciclo de retroalimentaci\u00f3n que ocurre y empeora cada vez m\u00e1s. El a\u00f1o pasado, las ventas de alcohol aumentaron en un 600%, hubo un gran aumento en las sobredosis de drogas y en los suicidios. Estamos viendo much\u00edsima autodestrucci\u00f3n.<\/span><\/span><\/p>\n<p align=\"justify\"><span style=\"font-family: arial, helvetica, sans-serif; font-size: 12pt;\"><span lang=\"es-MX\">Lo estamos viendo tambi\u00e9n a nivel del individuo. Tambi\u00e9n lo estamos viendo a nivel relacional entre las personas. Cada vez se est\u00e1n alejando m\u00e1s entre ellas. Est\u00e1 causando una gran polaridad. Est\u00e1 causando una gran tensi\u00f3n entre las personas. Cuando nosotros, como individuos, estamos traumatizados, se hace muy dif\u00edcil conectarnos con otras personas para obtener esa coregulaci\u00f3n de que los mam\u00edferos necesitan para sentirse seguros y sociales, porque el trauma es una desconexi\u00f3n. Y esta es realmente la pandemia, la plaga en la que estamos ahora mismo es la desconexi\u00f3n. Nos est\u00e1n desconectando de los dem\u00e1s, desconectando de nosotros mismos. Porque toda esta campa\u00f1a de gaslighting te ense\u00f1a a no confiar en ti mismo, a no confiar en tu percepci\u00f3n de la realidad, a no confiar en tu sentido de ti mismo y en tu derecho de soberan\u00eda dado por Dios. En realidad, es parte de la din\u00e1mica del culto, por lo que es ah\u00ed donde el sistema asume componentes adicionales del individuo o que la micro relaci\u00f3n no tiene. El sistema desarrolla una din\u00e1mica de culto en la que parte del culto es que se sacrifica su identidad individual. Por lo general, se destruye a trav\u00e9s del trauma, el control mental basado en el trauma. Y a medida que se destruye la identidad individual, se reemplaza por la identidad grupal, que tambi\u00e9n corresponde a algunas de las cosas de las que Ariane hablaba antes. Hay algunas personas que tienen la capacidad de salir de esa identidad grupal y reconocen que tienen derecho a pensar por s\u00ed mismas. Todav\u00eda tienen la capacidad de pensar por s\u00ed mismas, porque cuando se est\u00e1 en ese grupo enredado en esa identidad, es aterrador irse, no a nivel intelectual, sino a un nivel profundo y primordial en el cerebro porque fuimos programados biol\u00f3gicamente para la supervivencia y es por eso que necesitamos que el reba\u00f1o sobreviva. As\u00ed que incluso si el reba\u00f1o est\u00e1 marchando hacia el matadero, es m\u00e1s f\u00e1cil acompa\u00f1arlo porque es muy dif\u00edcil pensar por s\u00ed mismo y es aterrador estar fuera y marginado. Eso es exactamente lo que les sucede a las personas que cuestionan el abuso. Hay personas en las sectas que se despiertan y es lo mismo que pasa cuando despiertan de una estructura b\u00e1sica de una familia abusiva. Si uno despierta en esa familia abusiva y comienza a hablar sobre el abuso, uno ser\u00e1 atacado, manchado, lastimado y castigado. El resto del grupo intentar\u00e1 atraerte de nuevo y no permitirte tener esos pensamientos, esas creencias, no te permitir\u00e1 individualizarte y separarte de ese grupo. <\/span><\/span><\/p>\n<p align=\"justify\"><span style=\"font-family: arial, helvetica, sans-serif; font-size: 12pt;\"><span lang=\"es-MX\"><b>Viviane Fischer<\/b><\/span><br \/>\n<span lang=\"es-MX\">Cuando miramos de nuevo a la constelaci\u00f3n abusiva entre tal vez dos personas podr\u00eda ser como lo que Ud. ha mencionado, como una secta donde la gente se une y luego quiere liberarse de eso, pero no puede, es como una constelaci\u00f3n impactante. \u00bfHay algo que motive a la gente a salir de eso? <\/span><\/span><\/p>\n<p align=\"justify\"><span style=\"font-family: arial, helvetica, sans-serif; font-size: 12pt;\"><span lang=\"es-MX\"><b>Meredith Miller<br \/>\n<\/b><\/span><span lang=\"es-MX\">En el trabajo con personas uno a uno que intentan salir de relaciones abusivas, les digo que esa disonancia cognitiva se disolver\u00e1 en un momento espont\u00e1neo. Esa es la parte que no podemos controlar. Esa es la repentina intervenci\u00f3n divina o lo que sea que provoque la conmoci\u00f3n que atraviesa la negaci\u00f3n de la persona. Pero una persona puede ayudarse a s\u00ed misma para llegar all\u00ed es <\/span><span lang=\"es-MX\"><b>enfrentando implacablemente la verdad<\/b><\/span><span lang=\"es-MX\">. El problema es que esto va en contra de toda nuestra programaci\u00f3n biol\u00f3gica. Estamos programados para buscar la pertenencia social antes que la verdad. Sacrificaremos la verdad para tener la pertenencia social. Esa es la din\u00e1mica de grupo. As\u00ed que una persona va a tener dificultades para hacer eso, incluso en una relaci\u00f3n uno a uno, porque hay un sentido de pertenencia en esa relaci\u00f3n. La otra persona les ha dicho que nunca encontrar\u00e1n a nadie m\u00e1s que las ame asi y que nunca encontrar\u00e1n a nadie que los acepte. Y que esto es lo mejor que pueden conseguir. Por ende no te atrevas a irte. As\u00ed la persona est\u00e1 aterrorizada de dejar esta din\u00e1mica. <\/span><\/span><\/p>\n<p align=\"justify\"><span style=\"font-family: arial, helvetica, sans-serif; font-size: 12pt;\"><span lang=\"es-MX\"><b>Viviane Fischer<br \/>\n<\/b><\/span><span lang=\"es-MX\">podr\u00eda funcionar si ofreces como un grupo de compa\u00f1eros diferente, digamos, por ejemplo, que la hierba es m\u00e1s verde aqu\u00ed, ven al otro lado y sal de esa cosa abusiva y divi\u00e9rtete con nosotros. \u00bfInspiran estas cosas en su experiencia en las situaciones que no van bien? <\/span><\/span><\/p>\n<p align=\"justify\"><span style=\"font-family: arial, helvetica, sans-serif; font-size: 12pt;\"><span lang=\"es-MX\"><b>Meredith Miller<br \/>\n<\/b><\/span><span lang=\"es-MX\">por lo general, una persona lo rechaza. Encontrar\u00e1n cualquier manera de rechazarte, atacar\u00e1n cualquier cosa que se enfrente a su fantas\u00eda . Y es por eso que la v\u00edctima necesita enfrentar una y otra vez la verdad. A las v\u00edctimas les hacemos hacer una lista de sobriedad. Que escriban todo lo que le hizo esa persona desde el principio de esa relaci\u00f3n. Todo lo doloroso. La manipulaci\u00f3n, los abusos. \u00bfPor qu\u00e9 les pedimos esto? Porque tan pronto como su mente vuelve a la negaci\u00f3n o quiere disfrutar de la fantas\u00eda en la que est\u00e1 muy comprometida, les pido que saquen la lista y comiencen a leer todo lo que sucedi\u00f3. Y tal vez en alg\u00fan momento algo les sacuda la mente y vuelvan a la realidad, ya que tienen que enfrentar la verdad una y otra vez. Pero la cuesti\u00f3n es que esto no puede venir de afuera. Nada de lo que digamos toda la evidencia o la verdad que podemos presentar, tiene que venir de adentro. La persona tiene que querer saber la verdad. Y la dificultad es que no suele suceder hasta ese punto, donde ha sido traspasado espont\u00e1neamente por alg\u00fan evento que ha tenido lugar, que ha obligado a la persona a ver algo diferente. <\/span><\/span><\/p>\n<p align=\"justify\"><span style=\"font-family: arial, helvetica, sans-serif; font-size: 12pt;\"><span lang=\"es-MX\"><b>Reiner Fuellmich<br \/>\n<\/b><\/span><span lang=\"es-MX\"> Cu\u00e1l es el objetivo final de todo esto? Hemos hablado, por ejemplo, con antiguos miembros de los servicios de inteligencia brit\u00e1nicos, y todos est\u00e1n de acuerdo. Todos los que hablamos dijeron que esto es una agenda, es una operaci\u00f3n psicol\u00f3gica psyops. Por eso se necesit\u00f3 una capacitaci\u00f3n y una planificaci\u00f3n tan enorme. Esto no sucedi\u00f3 de la noche a la ma\u00f1ana, nada de lo que sucedi\u00f3 es espont\u00e1neo, sino que ha sido planeado probablemente durante al menos una d\u00e9cada, quiz\u00e1s m\u00e1s. Pero, \u00bfcu\u00e1l es el objetivo final de lo que est\u00e1n haciendo? Probablemente sea totalitarismo, y eso es el resultado de que algunas personas que tienen un alto poder o tienen mucho dinero. Temen ser descubiertos. \u00bfEs realmente ese el objetivo? Totalitarismo?. Aquellos que est\u00e1n en el poder y que tienen m\u00e1s dinero del que deber\u00edan tener, hora se sienten culpables por ello. Es realmente porque tienen miedo de que los descubran y por eso necesitan tener un control total sobre nosotros, lo cual es totalmente imposible, es realmente asi?<\/span><\/span><\/p>\n<p align=\"justify\"><span style=\"font-family: arial, helvetica, sans-serif; font-size: 12pt;\"><span lang=\"es-MX\"><b>Meredith Miller<br \/>\n<\/b><\/span><span lang=\"es-MX\">Esta es mi perspectiva. Estoy de acuerdo con eso. Creo que el objetivo final es controlar. Si miras a un psic\u00f3pata en una relaci\u00f3n, cualquier abusador en una relaci\u00f3n, \u00bfcu\u00e1l es su objetivo? El control. QUizas puedan estar extrayendo otros recursos. Ciertamente, el dinero tiene algo que ver con esto, pero va m\u00e1s all\u00e1 del dinero. \u00bfQu\u00e9 les da el dinero? Les da poder y control. Y si miramos esto, todo lo que est\u00e1 pasando tiene que ver con el control. Mientras puedan mantener ese control bajo cualquier causa, sin importar de cu\u00e1ntas personas tengan que deshacerse, porque ciertamente es mucho m\u00e1s f\u00e1cil controlar a un grupo m\u00e1s peque\u00f1o de personas que a un grupo m\u00e1s grande. Parecer\u00eda ser el control. Ese es el objetivo final. Es por eso que todas las din\u00e1micas de abuso funcionan. Es por eso que tan pronto como perciban que est\u00e1n perdiendo el control sobre las personas, volver\u00e1n y comenzar\u00e1n a \u201cdarnos algo\u201d para seducirnos de nuevo en la din\u00e1mica. <\/span><\/span><\/p>\n<p align=\"justify\"><span style=\"font-family: arial, helvetica, sans-serif; font-size: 12pt;\"><span lang=\"es-MX\"><b>Reiner Fuellmich<br \/>\n<\/b><\/span><span lang=\"es-MX\">la salida es una confrontaci\u00f3n implacable con lo que pasa con la realidad, \u00bfqu\u00e9 est\u00e1 pasando realmente con la verdad? <\/span><\/span><\/p>\n<p align=\"justify\"><span style=\"font-family: arial, helvetica, sans-serif; font-size: 12pt;\"><span lang=\"es-MX\"><b>Meredith Miller<br \/>\n<\/b><\/span><span lang=\"es-MX\">Creo que una manera de salir del panorama general es la responsabilidad propia. Creo que a medida que cada individuo asume la responsabilidad personal de su vida y de sus elecciones; de resolver sus propios traumas porque todos hemos nacido en este mundo que se basa en el trauma; desde el trauma transgeneracional y las familias hasta traumas hist\u00f3ricos m\u00e1s grandes, incluso el nacimiento puede ser traum\u00e1tico. Tenemos que mirar hacia adentro y reconocer cu\u00e1les son los traumas que a\u00fan hemos dejado sin resolver dentro de nosotros, trabajar para sanarlos, trabajar en asumir una mayor responsabilidad de nuestra vida porque esa responsabilidad propia es el umbral entre la etapa de la v\u00edctima, que se basa en la impotencia, que es donde la gran la mayor\u00eda de las personas se encuentran en este momento y en la etapa de ser supervivientes y empoderados. Es el umbral m\u00e1s dif\u00edcil de cruzar. Lo que veo en el abuso es que la mayor\u00eda de las personas permanecen atrapadas en esa etapa de v\u00edctima. No asumen la responsabilidad de superar ese umbral hacia el empoderamiento. Veo el mismo patr\u00f3n en el mundo. Veo que la mayor\u00eda de las personas permanecen en esa victimizaci\u00f3n, incapaces de asumir la responsabilidad propia, con la esperanza de que el gobierno las salve. Tenemos que salvarnos a nosotros mismos. Tenemos que asumir la responsabilidad de nuestra parte. Y creo que eso es lo asombroso porque los individuos formamos el derecho colectivo. Entonces, a medida que las personas trabajamos para sanarnos a nosotros mismos, a medida que m\u00e1s de nosotros trabajamos, para sanar y asumir la responsabilidad de nosotros mismos y de lo que estamos produciendo y contribuyendo al mundo que nos rodea, incluso si solo es nuestra familia que es un c\u00edrculo social muy peque\u00f1o, a nivel local se extiende. Eso se convierte en algo que termina sanando al mundo. <\/span><\/span><\/p>\n<p align=\"justify\"><span style=\"font-family: arial, helvetica, sans-serif; font-size: 12pt;\"><span lang=\"es-MX\">Creo que otra cosa que es un error es centrarse en cambiar el mundo, porque el cambio comienza por dentro. Eso es lo \u00fanico que tenemos control sobre la impotencia aprendida, la p\u00e9rdida total de control. As\u00ed que las personas se rinden, entran en estados de desesperaci\u00f3n, hacen que sean f\u00e1ciles de controlar. Entonces, \u00bfc\u00f3mo podemos empoderarnos? Concentr\u00e1ndonos en nuestro interior. <\/span><\/span><\/p>\n<p align=\"justify\"><span style=\"font-family: arial, helvetica, sans-serif; font-size: 12pt;\"><span lang=\"es-MX\"><b>Viviane Fischer<br \/>\n<\/b><\/span><span lang=\"es-MX\">El profesor Desmond de B\u00e9lgica, el psic\u00f3logo, dice que el totalitarismo, lo que usted mencion\u00f3 como la situaci\u00f3n de abuso, tiene una tendencia a volverse cada vez m\u00e1s salvaje con el paso del tiempo. Entonces, \u00bfpor qu\u00e9 es eso? \u00bfEs porque la parte abusiva se est\u00e1 volviendo m\u00e1s obvia para la v\u00edctima y por eso creen que quieren empujarla un poco m\u00e1s para volver al poder. \u00bfEs como una especie de esquema autopropulsado? \u00bfPor qu\u00e9 crees que podr\u00eda ser? Entonces, para recuperar el poder, es alg\u00fan tipo de esquema autopropulsado. \u00bfQu\u00e9 cree Ud? <\/span><\/span><\/p>\n<p align=\"justify\"><span style=\"font-family: arial, helvetica, sans-serif; font-size: 12pt;\"><span lang=\"es-MX\"><b>Meredith Miller<br \/>\n<\/b><\/span><span lang=\"es-MX\">Creo que el controlador, el abusador o el psic\u00f3pata buscan esta emoci\u00f3n. Es como un adicto a la hero\u00edna. Necesitan cada vez m\u00e1s y m\u00e1s para tener la misma sensaci\u00f3n. Entonces, en una relaci\u00f3n abusiva, el abusador est\u00e1 persiguiendo al drag\u00f3n, buscando sacar m\u00e1s y m\u00e1s de eso, lo que significa que necesitan ir m\u00e1s y m\u00e1s all\u00e1 para aumentar constantemente el abuso que est\u00e1 ocurriendo. <\/span><\/span><\/p>\n<p align=\"justify\"><span style=\"font-family: arial, helvetica, sans-serif; font-size: 12pt;\"><span lang=\"es-MX\"><b>Viviane Fischer<br \/>\n<\/b><\/span><span lang=\"es-MX\">Esto es lo que pasa ahora? <\/span><\/span><\/p>\n<p align=\"justify\"><span style=\"font-family: arial, helvetica, sans-serif; font-size: 12pt;\"><span lang=\"es-MX\"><b>Meredith Miller<br \/>\n<\/b><\/span><span lang=\"es-MX\">Creo que s\u00ed. Es como una adicci\u00f3n. Es una adicci\u00f3n muy enfermiza que no pueden controlar. <\/span><\/span><\/p>\n<p align=\"justify\"><span style=\"font-family: arial, helvetica, sans-serif; font-size: 12pt;\"><span lang=\"es-MX\"><b>Viviane Fischer<\/b><\/span><span lang=\"es-MX\"><br \/>\nno es solo entonces mantener el juego porque tienen miedo de ser encarcelados o algo as\u00ed. Tambi\u00e9n es el gozo al mismo tiempo que es divertido ver que a la gente le gusta ser cada vez m\u00e1s humillad y abusada<\/span><span lang=\"es-ES\">.<\/span><\/span><\/p>\n<p align=\"justify\"><span style=\"font-family: arial, helvetica, sans-serif; font-size: 12pt;\"><span lang=\"es-MX\"><b>Meredith Miller<br \/>\n<\/b><\/span><span lang=\"es-MX\">Y s\u00ed, es ambas cosas. Es la perversi\u00f3n de necesitar m\u00e1s de ese control, m\u00e1s emoci\u00f3n para obtener la misma recompensa, la misma sensaci\u00f3n, el mismo golpe de dopamina que obtuvieron de \u00e9l. Y tambi\u00e9n, como se mencion\u00f3 antes, el miedo a ser descubierto. El s\u00edndrome del impostor es la forma encubierta de los abusadores. Lo que vemos ahora es la forma encubierta de lo que pas\u00f3 en Alemania. En los a\u00f1os treinta y cuarenta, eso fue algo m\u00e1s obvio. Era m\u00e1s obvio. El encubierto es la versi\u00f3n m\u00e1s sofisticada. El abusador encubierto es el abusador m\u00e1s sofisticado, tiene una profunda inseguridad y un s\u00edndrome de impostor profundo. Y como dije antes, la mediocridad est\u00e1 aterrorizada de que vayan a ser expuestos por ser mediocres, no calificados. Se trata de mantener una imagen. Est\u00e1n aterrorizados de que descubran que en realidad no son lo que dicen ser. <\/span><\/span><\/p>\n<p align=\"justify\"><span style=\"font-family: arial, helvetica, sans-serif; font-size: 12pt;\"><span lang=\"es-MX\"><b>Reiner Fuellmich<br \/>\n<\/b><\/span><span lang=\"es-MX\">l<\/span><span lang=\"es-MX\">a versi\u00f3n encubierta de lo que sucedi\u00f3 abiertamente en el Tercer Reich. se est\u00e1 volviendo cada vez m\u00e1s evidente y eso significa que est\u00e1 se est\u00e1 tomando conciencia. Eso significa, en mi opini\u00f3n, por lo que me est\u00e1 diciendo y por lo que hemos escuchado de otros psic\u00f3logos y psiquiatras, que la otra parte tambi\u00e9n est\u00e1 en p\u00e1nico. No todos. Quiz\u00e1s sea probablemente una mezcla. Hay una mezcla de buscar la emoci\u00f3n y, al mismo tiempo de tener miedo: \u201c Dios m\u00edo, esta vez me van a descubrir\u201d . As\u00ed que la idea es tener que ir m\u00e1s y m\u00e1s y m\u00e1s all\u00e1. \u00bfEs eso lo que pasa? <\/span><\/span><\/p>\n<p align=\"justify\"><span style=\"font-family: arial, helvetica, sans-serif; font-size: 12pt;\"><span lang=\"es-MX\"><b>Meredith Miller<br \/>\n<\/b><\/span><span lang=\"es-MX\">Creo que s\u00ed. Se est\u00e1 volviendo m\u00e1s evidente, y eso es lo que sucede en una relaci\u00f3n abusiva tambi\u00e9n con un abusador encubierto porque hay diferentes tipos y, por supuesto, pueden ir y venir las t\u00e1cticas. Cuando se est\u00e1 a puerta cerrada y no hay nadie en el mundo exterior pueden ser abiertamente m\u00e1s abusivos. Pero cuando est\u00e1n frente a otros observadores y personas, tienen que ser m\u00e1s encubiertos. Pero con el tiempo, ese abusador encubierto se vuelve cada vez m\u00e1s y m\u00e1s evidente. <\/span><\/span><\/p>\n<p align=\"justify\"><span style=\"font-family: arial, helvetica, sans-serif; font-size: 12pt;\"><span lang=\"es-MX\"><b>Reiner Fuellmich<br \/>\n<\/b><\/span><span lang=\"es-MX\">tenemos un amigo en Finlandia. Es muy buena amiga de alguien que trabaja para la Comisi\u00f3n Europea. Y me explic\u00f3 que cuando estos comisionados se re\u00fanen y ven las noticias o est\u00e1n en una reuni\u00f3n y luego ven lo que sucede fuera de su peque\u00f1a oficina parlamentaria europea, se r\u00eden porque no pueden creer lo est\u00fapida que es la gente. <\/span><\/span><\/p>\n<p align=\"justify\"><span style=\"font-family: arial, helvetica, sans-serif; font-size: 12pt;\"><b>Meredith Miller<br \/>\n<\/b><span lang=\"es-MX\">S\u00ed. Y creo que esto es lo que somos humanos, \u00bfno? Todos hemos pensado esto, \u00bfc\u00f3mo puede ser tan est\u00fapida la gente? Admito que no estoy por encima de esto, pero aqu\u00ed es donde debemos aportar la humildad para entender que esto no es una cuesti\u00f3n de inteligencia. No se trata de inteligencia. Estas son las partes primitivas del cerebro. El sistema nervioso humano estaba programado para responder de esta manera al estr\u00e9s, al abuso, al trauma. Ellos lo saben desde hace d\u00e9cadas con la investigaci\u00f3n que han realizado con el control mental basado en el trauma. Lo han hecho en p\u00fablico durante mucho tiempo. Incluso usan Entertainment Hollywood para llevar a cabo este tipo de cosas. Creo que necesitamos tener compasi\u00f3n por la gente. C\u00f3mo si fuera alguien a quien amamos y est\u00e1 en una relaci\u00f3n abusiva, hay que tener compasi\u00f3n, pero tambi\u00e9n tener l\u00edmites porque esa persona nos atacar\u00e1 si intentamos mostrarle que est\u00e1 en una relaci\u00f3n abusiva. Por lo tanto, tambi\u00e9n es importante tener esos l\u00edmite. Es super importante que esas personas est\u00e9n en contacto con personas que vivan en la realidad. Es necesario tener aliados fuera de ese sistema abusivo. Ya que al intentar escapar de esa secta , o incluso de esa familia que es abusiva, los aliados fuera de ese sistema que vivan en la realidad, van a validar la realidad. Porque todos los que viven en ese sistema de abuso viven en esa psicosis delirante, en esa realidad muy distorsionada. <\/span><\/span><\/p>\n<p align=\"justify\"><span style=\"font-family: arial, helvetica, sans-serif; font-size: 12pt;\"><span lang=\"es-MX\"><b>Viviane Fischer<br \/>\n<\/b><\/span><span lang=\"es-MX\">\u00bfY qu\u00e9 va a pasar?, \u00bfqu\u00e9 pasar\u00e1 con todos los perpetradores? \u00bfse van a despertar y ver lo que han hecho o estar\u00e1n en alg\u00fan tipo de negaci\u00f3n diciendo que era necesario lo que hicieron, pero que siempre fueron parte de la resistencia. <\/span><\/span><\/p>\n<p align=\"justify\"><span style=\"font-family: arial, helvetica, sans-serif; font-size: 12pt;\"><span lang=\"es-MX\"><b>Meredith Miller<br \/>\n<\/b><\/span><span lang=\"es-MX\">Me imagino que dar\u00e1n ese tipo de respuesta. Si miramos desde el nivel micro y observas que cuando se descubre a los abusadores, \u00bfqu\u00e9 hacen? Se victimizan ellos. Ocurre un fen\u00f3meno que se llama \u201cDARVO\u201d. DARVO es el acr\u00f3nimo de las palabras \u00abdeny, attack and reverse victim and offender\u00bb, es decir, negar, atacar e invertir v\u00edctima y agresor. Se trata de una estrategia bastante habitual en abusadores, que al recibir una acusaci\u00f3n intentan aparecer como v\u00edctimas de un ataque carente de fundamento.<\/span><\/span><\/p>\n<p align=\"justify\"><span style=\"font-family: arial, helvetica, sans-serif; font-size: 12pt;\"><span lang=\"es-MX\">\u00bfQu\u00e9 significa eso? Dile a una persona que esto es abusivo. Te lo dan la vuelta. Ahora eres el abusador y ellos son la v\u00edctima. Y podemos verlo en el di\u00e1logo p\u00fablico. Cada vez que se intenta hablar de la verdad e incluso en los medios de comunicaci\u00f3n, usan la difamaci\u00f3n diciendo que son te\u00f3ricos de la conspiraci\u00f3n y a cualquiera que intente hablar de la verdad lo dan la vuelta. Juegan a ser la v\u00edctima. As\u00ed que muchos de estos perpetradores jugar\u00e1n a ser v\u00edctimas. Tengo la esperanza de que vuelva a haber alg\u00fan tipo de juicio de Nuremberg, aunque espero que sea significativamente mejor que el anterior, que solo llev\u00f3 a juicio a cantidades muy peque\u00f1as de los perpetradores y luego import\u00f3 al resto de ellos y los instal\u00f3 en la sociedad en lugares que har\u00edan significativamente m\u00e1s da\u00f1o a largo plazo. Espero que podamos aprender de ello. La historia se repite, se repite porque no hemos aprendido. La historia se repite a nivel macro, es la compulsi\u00f3n a la repetici\u00f3n. A nivel individual, el individuo atraviesa un trauma y luego durante toda su vida eligen a personas similares en situaciones que les recuerdan c\u00f3mo se sintieron en ese trauma temprano en la vida, porque buscan sanarse. Lo hacen de forma inconscientemente. Repiten inconscientemente los mismos traumas. Eso es lo que hacemos como sociedad. Repetimos los mismos traumas. El nivel de este trauma es tan grande que involucra al mundo entero. <\/span><\/span><\/p>\n<p align=\"justify\"><span style=\"font-family: arial, helvetica, sans-serif; font-size: 12pt;\"><span lang=\"es-MX\">Espero que la magnitud del potencial de despertar sea grande, de que ahora finalmente acabemos con este legado de trauma y tragedia, abuso y violencia que hemos estado repitiendo durante tantas generaciones para que podamos tomar decisiones diferentes y crear un futuro diferente con un potencial mucho mejor para la humanidad. Creo que este es un punto de inflexi\u00f3n. Es un \u00abmake or break\u00bb. O vamos a ir por completo al camino del totalitarismo, no sabiendo cu\u00e1l ser\u00e1 el final de eso, quiz\u00e1s alg\u00fan tipo de desastre masivo. Si bien ahora ya es desastroso, creo que puede empeorar significativamente.<\/span><\/span><\/p>\n<p align=\"justify\"><span style=\"font-family: arial, helvetica, sans-serif; font-size: 12pt;\"><span lang=\"es-MX\">O vamos a elegir en alg\u00fan momento colectivamente salir adelante, porque suficientes personas est\u00e1n haciendo que desde la elecci\u00f3n interna en sus propias vidas personales, ya est\u00e9n en un camino diferente, tomando decisiones diferentes. Y esa es la decisi\u00f3n m\u00e1s dif\u00edcil porque el camino f\u00e1cil es simplemente seguir a la manada y no pensar y no cambiar y ciertamente no sanar el trauma, porque esto es muy dif\u00edcil y doloroso. Es m\u00e1s f\u00e1cil simplemente adormecerlo para encontrar distracciones y escapismo, que por supuesto, nos est\u00e1n proporcionando desde hace tiempo. Lo han hecho durante muchas d\u00e9cadas, pero especialmente en la \u00faltima d\u00e9cada, ha habido muchas m\u00e1s distracciones con internet y cosas. Ahora quieren sacar el metaverso, la realidad virtual para que cuando la realidad sea tan horrible, en lugar de enfrentarnos a ella y resolverla, , la gente se escape a la fantas\u00eda. <\/span><\/span><\/p>\n<p align=\"justify\"><span style=\"font-family: arial, helvetica, sans-serif; font-size: 12pt;\"><span lang=\"es-MX\"><b>Reiner Fuellmich<br \/>\n<\/b><\/span> <span lang=\"es-MX\">tenemos que asegurarnos de que entiendan que la vida real es mucho mejor de lo que puede ser la versi\u00f3n de fantas\u00eda. Puede que en algunos casos no lo sea, pero una de las cosas que el profesor Desmond nos explic\u00f3 es que el totalitarismo es autodestructivo. Tarde o temprano, se autodestruir\u00e1. La gran pregunta, entonces, es \u00bfcu\u00e1nto da\u00f1o podr\u00e1n hacernos antes de que se autodestruyan? Nadie lo sabe, pero est\u00e1 sucediendo ahora mismo. Se est\u00e1n volviendo cada vez m\u00e1s locos y se est\u00e1 volviendo cada vez m\u00e1s evidente. Tengo la esperanza de que cada vez m\u00e1s personas como nosotros vuelvan a sus sentidos. Y ese grupo, creo que es aproximadamente el 40 % las personas sentadas en la cerca y no saben qu\u00e9 camino seguir, pero ese grupo sigue siendo accesible y que cada vez m\u00e1s personas comenzar\u00e1n a hacer preguntas que finalmente cambiar\u00e1n el rumbo. Algunas personas dicen que es suficiente con 3,5% de la poblaci\u00f3n, o tal vez el 5% o el 10% que se den cuenta de lo que est\u00e1 pasando. Definitivamente es importante tener a aquellos que pueden tomar decisiones, decisiones racionales de nuestro lado.<\/span><\/span><\/p>\n<p align=\"justify\"><span style=\"font-family: arial, helvetica, sans-serif; font-size: 12pt;\"><span lang=\"es-MX\">Tengo la sensaci\u00f3n de que los que son v\u00edctimas de esta narrativa son los que, como explic\u00f3 uno de esos psiquiatras con los que hablamos, escapan en el infantilismo<\/span><span lang=\"es-ES\">.<\/span> <span lang=\"es-MX\">Ellos no quieren crecer. Solo quieren seguir escuchando a alguien que les dice qu\u00e9 hacer. As\u00ed que no podemos acercarnos a este grupo de personas, pero no es realmente importante. Odio decir eso, pero no es realmente importante. Aquellos que est\u00e1n dispuestos a cuestionar la autoridad, son los que finalmente van a compensar la diferencia, creo, y esos son los que est\u00e1n en nuestra lado ya. Espero que se unan muchos m\u00e1s.<\/span><\/span><\/p>\n<p align=\"justify\"><span style=\"font-family: arial, helvetica, sans-serif; font-size: 12pt;\"><span lang=\"es-MX\"><b>Meredith Miller<br \/>\n<\/b><\/span><span lang=\"es-MX\"> ac\u00e1 no hay gente a qui\u00e9n convencer, al igual que no se puede convencer a una v\u00edctima de que est\u00e1 en una relaci\u00f3n abusiva. No hay manera de convencer a ese grupo de personas de que vean la realidad porque no quieren verla. Ese proceso de infantilismo ha estado ocurriendo durante mucho tiempo en la sociedad. Desafortunadamente, muchas personas ven al gobierno del estado como mam\u00e1 y pap\u00e1 para protegerlos. Es una fantas\u00eda que no es real. Pero luego est\u00e1n aquellos que tienen la capacidad adulta m\u00e1s funcional en su cerebro para decir: \u201cno\u201d. \u201cNecesito asumir la responsabilidad de rescatarme, de mantenerme a m\u00ed mismo, de mantener a mi familia porque el gobierno no va a hacer eso. Ese no es su trabajo\u201d.<\/span><\/span><\/p>\n<p align=\"justify\"><span style=\"font-family: arial, helvetica, sans-serif; font-size: 12pt;\"><span lang=\"es-MX\"><b>Reiner Fuellmich<br \/>\n<\/b><\/span><span lang=\"es-MX\">todo se reduce a una naci\u00f3n infantilizada versus a la responsabilidad propia. <\/span><\/span><\/p>\n<p align=\"justify\"><span style=\"font-family: arial, helvetica, sans-serif; font-size: 12pt;\"><span lang=\"es-MX\"><b>Viviane Fischer<br \/>\n<\/b><\/span><span lang=\"es-MX\">Creo que tambi\u00e9n es un camino dif\u00edcil para ellos porque cada vez que se vuelve m\u00e1s obvio y eso se debe a que es tan extremo. Es decir, est\u00e1n arriesgando muchas cosas. Es un juego de vida o muerte porque ser\u00e1n destruidos socialmente. <\/span><\/span><\/p>\n<p align=\"justify\"><span style=\"font-family: arial, helvetica, sans-serif; font-size: 12pt;\"><span lang=\"es-MX\"><b>Meredith Miller<\/b><\/span><span lang=\"es-MX\"><br \/>\nCorrecto \u00bfA qu\u00e9 precio? Creo que tambi\u00e9n es algo que Rainer hab\u00eda preguntado antes. \u00bfHasta d\u00f3nde va a llegar esto? Sabiendo que el sistema totalmente totalitario eventualmente implosionar\u00e1 al igual que toda relaci\u00f3n abusiva \u00bfPero a qu\u00e9 precio? A qu\u00e9 costo para los individuos, a qu\u00e9 costo para la sociedad, a qu\u00e9 costo para la vida humana. <\/span><\/span><\/p>\n<p align=\"justify\"><span style=\"font-family: arial, helvetica, sans-serif; font-size: 12pt;\"><span lang=\"es-MX\"><b>Viviane Fischer<br \/>\n<\/b><\/span><span lang=\"es-MX\">tenemos que hacer todo lo posible para acabar con las cosas lo antes posible porque ya ha costado bastante la vida y ha causado mucho dolor. As\u00ed que creo que ya es hora de que colapse. <\/span><\/span><\/p>\n<p align=\"justify\"><span style=\"font-family: arial, helvetica, sans-serif; font-size: 12pt;\"><span lang=\"es-MX\"><b>Meredith Miller<br \/>\n<\/b><\/span><span lang=\"es-MX\"> ni siquiera estamos en la fase postraum\u00e1tica todav\u00eda. As\u00ed que ni siquiera hemos empezado a ver los efectos a largo plazo de lo que ya ha sucedido hasta ahora. Esto ocurre especialmente entre los ni\u00f1os. Todo esto tendr\u00e1 graves repercusiones a largo plazo. El trauma postraum\u00e1tico de esto va a requerir mucha sanaci\u00f3n. E incluso si esto se acabase de repente, y ya no hay m\u00e1s da\u00f1o, a\u00fan quedar\u00eda un trauma importante por resolver. <\/span><\/span><\/p>\n<p align=\"justify\"><span style=\"font-family: arial, helvetica, sans-serif; font-size: 12pt;\"><span lang=\"es-MX\"><b>Viviane Fischer<br \/>\n<\/b><\/span><span lang=\"es-MX\">S\u00ed, es cierto. Tenemos mucho trabajo por delante.<\/span><\/span><\/p>\n<p align=\"justify\"><span style=\"font-family: arial, helvetica, sans-serif; font-size: 12pt;\"><span lang=\"es-MX\"><b>Meredith Miller<br \/>\n<\/b><\/span><span lang=\"es-MX\">Lo que pasa con el trauma es que el trauma es por un lado destructivo y por el otro es como un despertar. El trauma destruye el sentido de normalidad. La persona nunca puede volver a ser quien era antes del trauma. Nosotros, como sociedad, nunca volveremos a lo que sol\u00edamos llamar normal. Se ha ido para siempre. Tenemos que hacer el duelo del trauma sanado, es un proceso de duelo. Pero eso no es necesariamente algo malo, porque ahora el despertar del trauma nos permite crear algo nuevo. Alcanzar un nuevo potencial con el que quiz\u00e1s no podr\u00edamos haber contactado, ya sea como individuos o incluso como sociedad hasta que ocurri\u00f3 ese trauma. As\u00ed que viene con una maldici\u00f3n y una bendici\u00f3n. <\/span><\/span><\/p>\n<p align=\"justify\"><span style=\"font-family: arial, helvetica, sans-serif; font-size: 12pt;\"><span lang=\"es-MX\"><b>Reiner Fuellmich<br \/>\n<\/b><\/span><span lang=\"es-MX\">Bueno, puedo ver que hay luz al final del t\u00fanel. <\/span><\/span><\/p>\n<p align=\"justify\"><span style=\"font-family: arial, helvetica, sans-serif; font-size: 12pt;\"><span lang=\"es-MX\"><b>Meredith Miller<br \/>\n<\/b><\/span><span lang=\"es-MX\">Estoy de acuerdo, y espero que eso suceda pronto. <\/span><\/span><\/p>\n<p align=\"justify\"><span style=\"font-family: arial, helvetica, sans-serif; font-size: 12pt;\"><span lang=\"es-MX\"><b>Viviane Fischer<br \/>\n<\/b><\/span><span lang=\"es-MX\">lo bueno de esto tambi\u00e9n es que es un trauma colectivo enorme. Quiero decir, es bueno y malo al mismo tiempo. Pero tal vez si uno sale de una relaci\u00f3n personal y abusiva hay algo as\u00ed como culpa individual, sentimientos o ira, etc. Pero ahora, quiza es posible, que se unan con otros a trabajar la ira y frustraci\u00f3n colectivas, dolor y tristeza. Si se hace colectivamente podr\u00eda impulsar el proceso de sanaci\u00f3n, como si fueran grupos de autoayuda con otras personas traumatizadas. En el grupo juntos y encontrar nuevas formas, creo que eso es todo tambi\u00e9n puede acelerar las cosas de alguna manera. Eso es lo que espero. <\/span><\/span><\/p>\n<p align=\"justify\"><span style=\"font-family: arial, helvetica, sans-serif; font-size: 12pt;\"><span lang=\"es-MX\"><b>Meredith Miller<br \/>\n<\/b><\/span><span lang=\"es-MX\">la conexi\u00f3n con otros nos ayuda a sanar el trauma. Por qu\u00e9 las cosas son tan traum\u00e1ticas, especialmente en la infancia, si no hab\u00eda nadie para cuidando de ti? Tal vez dos ni\u00f1os pasaron por una experiencia muy similar. Cuando uno ni\u00f1o no tienen un padre, pero si un cuidador que estaba all\u00ed para \u00e9l, que lo abrazaba, que lo sosten\u00eda, que lo hac\u00eda sentir seguro y conectado. No va a tener un trauma postraum\u00e1tico tan grave, tal vez ni siquiera tendr\u00e1 un trauma posterior a ese evento. El ni\u00f1o que qued\u00f3 solo, abandonado, no cre\u00eddo, dijo que era su culpa. Ese ni\u00f1o va a sufrir un trauma grave. As\u00ed que si nos conectamos con otros, hay otras personas all\u00ed, otras personas ven la misma realidad, otras personas sienten las mismas emociones. Procesamos este dolor juntos. Podemos actuar juntos. Esto es algo muy sanador que se puede hacer. Creo que el desaf\u00edo para tanta gente en este momento, es que muchas personas se sienten tan solas. Y ese es todo el prop\u00f3sito de esto, el aislamiento social, porque el aislamiento es necesario para que el abuso tenga lugar. Muchas personas ven la verdad, ven la realidad, pero se sienten tan solas porque tal vez nadie m\u00e1s en su vida o muy pocas personas en su vida pueden verla. Y eso es parte del trauma. As\u00ed que creo que es incre\u00edble el trabajo que todos est\u00e1n haciendo para unir a las personas, para conectar a todos los que ven este tipo de cosas. Para que no nos sintamos tan solos. As\u00ed que s\u00ed nos sentimos m\u00e1s conectados. <\/span><\/span><\/p>\n<p align=\"justify\"><span style=\"font-family: arial, helvetica, sans-serif; font-size: 12pt;\"><span lang=\"es-MX\"><b>Reiner Fuellmich<br \/>\n<\/b><\/span><span lang=\"es-MX\">S\u00ed, todos estamos intentando desempe\u00f1ar nuestro papel en este juego, y estamos intentando asumir los papeles principales. Todos somos buenas personas que estamos realmente interesadas en el bien de la humanidad. <\/span><\/span><\/p>\n<p align=\"justify\"><span style=\"font-family: arial, helvetica, sans-serif; font-size: 12pt;\"><span lang=\"es-MX\">Meredith, estuvo genial. Much\u00edsimas gracias. <\/span><\/span><\/p>\n<p align=\"justify\"><span style=\"font-size: 12pt;\"><span style=\"font-family: arial, helvetica, sans-serif;\"><span lang=\"es-MX\"><b>Meredith Miller<br \/>\n<\/b><\/span><\/span><span style=\"font-family: Century Gothic, serif;\"><span lang=\"es-MX\"><span style=\"font-family: arial, helvetica, sans-serif;\">Gracias por invitarme.<\/span> <\/span><\/span><\/span><\/p>\n<hr \/>\n<p style=\"text-align: center;\"><a href=\"https:\/\/sca.news\/privacy-policy\/\">Aviso legal \/ Pol\u00edtica de privacidad \/ Contacto<\/a>\u00a0 \u00a0 \u00a0 \u00a0 \u00a0 \u00a0 \u00a0 \u00a0 \u00a0 \u00a0 \u00a0 \u00a0 \u00a0 \u00a0 \u00a0 \u00a0\u00a0<a href=\"https:\/\/sca.news\/es\/apoyos-donaciones\/\">Donaci\u00f3n \/ Apoyo<\/a><\/p>\n","protected":false},"excerpt":{"rendered":"<p>Comit\u00e9 de la Fundaci\u00f3n Corona, 78a reuni\u00f3n el 12 de octobre de 2021 Meredith Miller (Traumatherapeutin, Autorin, Rednerin [Homepage], USA) en conversaci\u00f3n con Viviane Fischer y Reiner Fuellmich (Idioma original: ingl\u00e9s) [Transcript from Team corona-ausschuss-info.com&hellip;<\/p>\n","protected":false},"author":1,"featured_media":0,"parent":860,"menu_order":0,"comment_status":"closed","ping_status":"closed","template":"","meta":{"footnotes":""},"class_list":["post-1851","page","type-page","status-publish","hentry"],"yoast_head":"<!-- This site is optimized with the Yoast SEO plugin v27.5 - https:\/\/yoast.com\/product\/yoast-seo-wordpress\/ -->\n<title>Transcripci\u00f3n \u2013 Sesi\u00f3n 78 \u2013 Comit\u00e9 Corona - Stiftung Corona Ausschuss Info<\/title>\n<meta name=\"robots\" content=\"index, follow, max-snippet:-1, max-image-preview:large, max-video-preview:-1\" \/>\n<link rel=\"canonical\" href=\"https:\/\/sca.news\/es\/comite-corona-tabla-de-contenido-todos-los-participantes-reunion\/transcripcion-sesion-78-comite-corona\/\" \/>\n<meta property=\"og:locale\" content=\"es_ES\" \/>\n<meta property=\"og:type\" content=\"article\" \/>\n<meta property=\"og:title\" content=\"Transcripci\u00f3n \u2013 Sesi\u00f3n 78 \u2013 Comit\u00e9 Corona - Stiftung Corona Ausschuss Info\" \/>\n<meta property=\"og:description\" content=\"Comit\u00e9 de la Fundaci\u00f3n Corona, 78a reuni\u00f3n el 12 de octobre de 2021 Meredith Miller (Traumatherapeutin, Autorin, Rednerin [Homepage], USA) en conversaci\u00f3n con Viviane Fischer y Reiner Fuellmich (Idioma original: ingl\u00e9s) [Transcript from Team corona-ausschuss-info.com&hellip;\" \/>\n<meta property=\"og:url\" content=\"https:\/\/sca.news\/es\/comite-corona-tabla-de-contenido-todos-los-participantes-reunion\/transcripcion-sesion-78-comite-corona\/\" \/>\n<meta property=\"og:site_name\" content=\"Stiftung Corona Ausschuss Info\" \/>\n<meta property=\"article:modified_time\" content=\"2021-11-24T17:54:18+00:00\" \/>\n<meta property=\"og:image\" content=\"https:\/\/sca.news\/wp-content\/uploads\/2021\/11\/M-Miller-78-300x168.png\" \/>\n<meta name=\"twitter:card\" content=\"summary_large_image\" \/>\n<meta name=\"twitter:label1\" content=\"Tiempo de lectura\" \/>\n\t<meta name=\"twitter:data1\" content=\"31 minutos\" \/>\n<script type=\"application\/ld+json\" class=\"yoast-schema-graph\">{\"@context\":\"https:\\\/\\\/schema.org\",\"@graph\":[{\"@type\":\"WebPage\",\"@id\":\"https:\\\/\\\/sca.news\\\/es\\\/comite-corona-tabla-de-contenido-todos-los-participantes-reunion\\\/transcripcion-sesion-78-comite-corona\\\/\",\"url\":\"https:\\\/\\\/sca.news\\\/es\\\/comite-corona-tabla-de-contenido-todos-los-participantes-reunion\\\/transcripcion-sesion-78-comite-corona\\\/\",\"name\":\"Transcripci\u00f3n \u2013 Sesi\u00f3n 78 \u2013 Comit\u00e9 Corona - Stiftung Corona Ausschuss Info\",\"isPartOf\":{\"@id\":\"https:\\\/\\\/sca.news\\\/es\\\/#website\"},\"primaryImageOfPage\":{\"@id\":\"https:\\\/\\\/sca.news\\\/es\\\/comite-corona-tabla-de-contenido-todos-los-participantes-reunion\\\/transcripcion-sesion-78-comite-corona\\\/#primaryimage\"},\"image\":{\"@id\":\"https:\\\/\\\/sca.news\\\/es\\\/comite-corona-tabla-de-contenido-todos-los-participantes-reunion\\\/transcripcion-sesion-78-comite-corona\\\/#primaryimage\"},\"thumbnailUrl\":\"https:\\\/\\\/sca.news\\\/wp-content\\\/uploads\\\/2021\\\/11\\\/M-Miller-78-300x168.png\",\"datePublished\":\"2021-11-24T11:51:44+00:00\",\"dateModified\":\"2021-11-24T17:54:18+00:00\",\"breadcrumb\":{\"@id\":\"https:\\\/\\\/sca.news\\\/es\\\/comite-corona-tabla-de-contenido-todos-los-participantes-reunion\\\/transcripcion-sesion-78-comite-corona\\\/#breadcrumb\"},\"inLanguage\":\"es\",\"potentialAction\":[{\"@type\":\"ReadAction\",\"target\":[\"https:\\\/\\\/sca.news\\\/es\\\/comite-corona-tabla-de-contenido-todos-los-participantes-reunion\\\/transcripcion-sesion-78-comite-corona\\\/\"]}]},{\"@type\":\"ImageObject\",\"inLanguage\":\"es\",\"@id\":\"https:\\\/\\\/sca.news\\\/es\\\/comite-corona-tabla-de-contenido-todos-los-participantes-reunion\\\/transcripcion-sesion-78-comite-corona\\\/#primaryimage\",\"url\":\"https:\\\/\\\/sca.news\\\/wp-content\\\/uploads\\\/2021\\\/11\\\/M-Miller-78-300x168.png\",\"contentUrl\":\"https:\\\/\\\/sca.news\\\/wp-content\\\/uploads\\\/2021\\\/11\\\/M-Miller-78-300x168.png\"},{\"@type\":\"BreadcrumbList\",\"@id\":\"https:\\\/\\\/sca.news\\\/es\\\/comite-corona-tabla-de-contenido-todos-los-participantes-reunion\\\/transcripcion-sesion-78-comite-corona\\\/#breadcrumb\",\"itemListElement\":[{\"@type\":\"ListItem\",\"position\":1,\"name\":\"Startseite\",\"item\":\"https:\\\/\\\/sca.news\\\/es\\\/\"},{\"@type\":\"ListItem\",\"position\":2,\"name\":\"Comit\u00e9 Corona &#8211; Tabla de contenido &#8211; Todos los participantes &#8211; Reuni\u00f3n\",\"item\":\"https:\\\/\\\/sca.news\\\/es\\\/\"},{\"@type\":\"ListItem\",\"position\":3,\"name\":\"Transcripci\u00f3n \u2013 Sesi\u00f3n 78 \u2013 Comit\u00e9 Corona\"}]},{\"@type\":\"WebSite\",\"@id\":\"https:\\\/\\\/sca.news\\\/es\\\/#website\",\"url\":\"https:\\\/\\\/sca.news\\\/es\\\/\",\"name\":\"Stiftung Corona Ausschuss Info\",\"description\":\"Corona-Ausschuss - Inhalt \\\/ Index \\\/ Teilnehmer \\\/ Transkriptionen\",\"publisher\":{\"@id\":\"https:\\\/\\\/sca.news\\\/es\\\/#organization\"},\"alternateName\":\"Stiftung Corona Ausschuss Info\",\"potentialAction\":[{\"@type\":\"SearchAction\",\"target\":{\"@type\":\"EntryPoint\",\"urlTemplate\":\"https:\\\/\\\/sca.news\\\/es\\\/?s={search_term_string}\"},\"query-input\":{\"@type\":\"PropertyValueSpecification\",\"valueRequired\":true,\"valueName\":\"search_term_string\"}}],\"inLanguage\":\"es\"},{\"@type\":\"Organization\",\"@id\":\"https:\\\/\\\/sca.news\\\/es\\\/#organization\",\"name\":\"SCA-NEWS\",\"alternateName\":\"Stiftung Corona Ausschuss Info\",\"url\":\"https:\\\/\\\/sca.news\\\/es\\\/\",\"logo\":{\"@type\":\"ImageObject\",\"inLanguage\":\"es\",\"@id\":\"https:\\\/\\\/sca.news\\\/es\\\/#\\\/schema\\\/logo\\\/image\\\/\",\"url\":\"https:\\\/\\\/sca.news\\\/wp-content\\\/uploads\\\/2021\\\/05\\\/cropped-sca-favicon-1.png\",\"contentUrl\":\"https:\\\/\\\/sca.news\\\/wp-content\\\/uploads\\\/2021\\\/05\\\/cropped-sca-favicon-1.png\",\"width\":512,\"height\":512,\"caption\":\"SCA-NEWS\"},\"image\":{\"@id\":\"https:\\\/\\\/sca.news\\\/es\\\/#\\\/schema\\\/logo\\\/image\\\/\"}}]}<\/script>\n<!-- \/ Yoast SEO plugin. -->","yoast_head_json":{"title":"Transcripci\u00f3n \u2013 Sesi\u00f3n 78 \u2013 Comit\u00e9 Corona - Stiftung Corona Ausschuss Info","robots":{"index":"index","follow":"follow","max-snippet":"max-snippet:-1","max-image-preview":"max-image-preview:large","max-video-preview":"max-video-preview:-1"},"canonical":"https:\/\/sca.news\/es\/comite-corona-tabla-de-contenido-todos-los-participantes-reunion\/transcripcion-sesion-78-comite-corona\/","og_locale":"es_ES","og_type":"article","og_title":"Transcripci\u00f3n \u2013 Sesi\u00f3n 78 \u2013 Comit\u00e9 Corona - Stiftung Corona Ausschuss Info","og_description":"Comit\u00e9 de la Fundaci\u00f3n Corona, 78a reuni\u00f3n el 12 de octobre de 2021 Meredith Miller (Traumatherapeutin, Autorin, Rednerin [Homepage], USA) en conversaci\u00f3n con Viviane Fischer y Reiner Fuellmich (Idioma original: ingl\u00e9s) [Transcript from Team corona-ausschuss-info.com&hellip;","og_url":"https:\/\/sca.news\/es\/comite-corona-tabla-de-contenido-todos-los-participantes-reunion\/transcripcion-sesion-78-comite-corona\/","og_site_name":"Stiftung Corona Ausschuss Info","article_modified_time":"2021-11-24T17:54:18+00:00","og_image":[{"url":"https:\/\/sca.news\/wp-content\/uploads\/2021\/11\/M-Miller-78-300x168.png","type":"","width":"","height":""}],"twitter_card":"summary_large_image","twitter_misc":{"Tiempo de lectura":"31 minutos"},"schema":{"@context":"https:\/\/schema.org","@graph":[{"@type":"WebPage","@id":"https:\/\/sca.news\/es\/comite-corona-tabla-de-contenido-todos-los-participantes-reunion\/transcripcion-sesion-78-comite-corona\/","url":"https:\/\/sca.news\/es\/comite-corona-tabla-de-contenido-todos-los-participantes-reunion\/transcripcion-sesion-78-comite-corona\/","name":"Transcripci\u00f3n \u2013 Sesi\u00f3n 78 \u2013 Comit\u00e9 Corona - Stiftung Corona Ausschuss Info","isPartOf":{"@id":"https:\/\/sca.news\/es\/#website"},"primaryImageOfPage":{"@id":"https:\/\/sca.news\/es\/comite-corona-tabla-de-contenido-todos-los-participantes-reunion\/transcripcion-sesion-78-comite-corona\/#primaryimage"},"image":{"@id":"https:\/\/sca.news\/es\/comite-corona-tabla-de-contenido-todos-los-participantes-reunion\/transcripcion-sesion-78-comite-corona\/#primaryimage"},"thumbnailUrl":"https:\/\/sca.news\/wp-content\/uploads\/2021\/11\/M-Miller-78-300x168.png","datePublished":"2021-11-24T11:51:44+00:00","dateModified":"2021-11-24T17:54:18+00:00","breadcrumb":{"@id":"https:\/\/sca.news\/es\/comite-corona-tabla-de-contenido-todos-los-participantes-reunion\/transcripcion-sesion-78-comite-corona\/#breadcrumb"},"inLanguage":"es","potentialAction":[{"@type":"ReadAction","target":["https:\/\/sca.news\/es\/comite-corona-tabla-de-contenido-todos-los-participantes-reunion\/transcripcion-sesion-78-comite-corona\/"]}]},{"@type":"ImageObject","inLanguage":"es","@id":"https:\/\/sca.news\/es\/comite-corona-tabla-de-contenido-todos-los-participantes-reunion\/transcripcion-sesion-78-comite-corona\/#primaryimage","url":"https:\/\/sca.news\/wp-content\/uploads\/2021\/11\/M-Miller-78-300x168.png","contentUrl":"https:\/\/sca.news\/wp-content\/uploads\/2021\/11\/M-Miller-78-300x168.png"},{"@type":"BreadcrumbList","@id":"https:\/\/sca.news\/es\/comite-corona-tabla-de-contenido-todos-los-participantes-reunion\/transcripcion-sesion-78-comite-corona\/#breadcrumb","itemListElement":[{"@type":"ListItem","position":1,"name":"Startseite","item":"https:\/\/sca.news\/es\/"},{"@type":"ListItem","position":2,"name":"Comit\u00e9 Corona &#8211; Tabla de contenido &#8211; Todos los participantes &#8211; Reuni\u00f3n","item":"https:\/\/sca.news\/es\/"},{"@type":"ListItem","position":3,"name":"Transcripci\u00f3n \u2013 Sesi\u00f3n 78 \u2013 Comit\u00e9 Corona"}]},{"@type":"WebSite","@id":"https:\/\/sca.news\/es\/#website","url":"https:\/\/sca.news\/es\/","name":"Stiftung Corona Ausschuss Info","description":"Corona-Ausschuss - Inhalt \/ Index \/ Teilnehmer \/ Transkriptionen","publisher":{"@id":"https:\/\/sca.news\/es\/#organization"},"alternateName":"Stiftung Corona Ausschuss Info","potentialAction":[{"@type":"SearchAction","target":{"@type":"EntryPoint","urlTemplate":"https:\/\/sca.news\/es\/?s={search_term_string}"},"query-input":{"@type":"PropertyValueSpecification","valueRequired":true,"valueName":"search_term_string"}}],"inLanguage":"es"},{"@type":"Organization","@id":"https:\/\/sca.news\/es\/#organization","name":"SCA-NEWS","alternateName":"Stiftung Corona Ausschuss Info","url":"https:\/\/sca.news\/es\/","logo":{"@type":"ImageObject","inLanguage":"es","@id":"https:\/\/sca.news\/es\/#\/schema\/logo\/image\/","url":"https:\/\/sca.news\/wp-content\/uploads\/2021\/05\/cropped-sca-favicon-1.png","contentUrl":"https:\/\/sca.news\/wp-content\/uploads\/2021\/05\/cropped-sca-favicon-1.png","width":512,"height":512,"caption":"SCA-NEWS"},"image":{"@id":"https:\/\/sca.news\/es\/#\/schema\/logo\/image\/"}}]}},"_links":{"self":[{"href":"https:\/\/sca.news\/es\/wp-json\/wp\/v2\/pages\/1851","targetHints":{"allow":["GET"]}}],"collection":[{"href":"https:\/\/sca.news\/es\/wp-json\/wp\/v2\/pages"}],"about":[{"href":"https:\/\/sca.news\/es\/wp-json\/wp\/v2\/types\/page"}],"author":[{"embeddable":true,"href":"https:\/\/sca.news\/es\/wp-json\/wp\/v2\/users\/1"}],"replies":[{"embeddable":true,"href":"https:\/\/sca.news\/es\/wp-json\/wp\/v2\/comments?post=1851"}],"version-history":[{"count":5,"href":"https:\/\/sca.news\/es\/wp-json\/wp\/v2\/pages\/1851\/revisions"}],"predecessor-version":[{"id":1857,"href":"https:\/\/sca.news\/es\/wp-json\/wp\/v2\/pages\/1851\/revisions\/1857"}],"up":[{"embeddable":true,"href":"https:\/\/sca.news\/es\/wp-json\/wp\/v2\/pages\/860"}],"wp:attachment":[{"href":"https:\/\/sca.news\/es\/wp-json\/wp\/v2\/media?parent=1851"}],"curies":[{"name":"wp","href":"https:\/\/api.w.org\/{rel}","templated":true}]}}